{"id":1485,"date":"2023-07-06T09:47:38","date_gmt":"2023-07-06T13:47:38","guid":{"rendered":"https:\/\/laroutedesconcerts.com\/cke_diffuseur\/les-concerts-de-la-chapelle-saint-cyriac\/"},"modified":"2026-05-07T11:04:50","modified_gmt":"2026-05-07T15:04:50","slug":"les-concerts-de-la-chapelle-saint-cyriac","status":"publish","type":"cke_diffuseur","link":"https:\/\/laroutedesconcerts.com\/en\/cke_diffuseur\/les-concerts-de-la-chapelle-saint-cyriac\/","title":{"rendered":"Les Concerts de la chapelle Saint-Cyriac"},"content":{"rendered":"\n<div class=\"wp-block-group block-concerts-list pad-vertical-2xl pad-horizontal-3xl has-cke-color-5-background-color has-background is-layout-flow wp-block-group-is-layout-flow\">\n<h2 class=\"wp-block-heading has-cke-black-color has-text-color\">PROGRAMMING<\/h2>\n\n\n<input type='checkbox' id='concerts-show-current' name='concerts-show-current' checked hidden><input type='checkbox' id='concerts-show-past' name='concerts-show-past' hidden><label for='concerts-show-current'><a class='btn red'>Upcoming<\/a><\/label><label class='marg-horizontal-m' for='concerts-show-past'><a class='btn red'>Archive<\/a><\/label><hr class='marg-vertical-l'>\n<!-- wrapper -->\n<div class=\"concert-module cpt-module flex flex-column align-center\">\n    <!-- loop -->\n    <div class=\"wp-block-group flex flex-column\">\n        <div class='concert-card concert-is-past flex pad-vertical-l pad-horizontal-l'><div class='flex flex-column info-1'><h4>24<\/h4><div class='flex flex-column month-year'><label>September<\/label><label>2023<\/label><\/div><label>14:00<\/label><h6 class='txt-color-2'><a href=\"https:\/\/concertssaintcyriac.com\">Les Concerts de la chapelle Saint-Cyriac<\/a><\/h6><\/div><div class='flex flex-column info-2'><h3>Nos po\u00e8tes musicaux: Carte blanche \u00e0 Guylaine Gr\u00e9goire<\/h3><h5 class='txt-color-1'>Chapelle Saint-Cyriac, Lac-K\u00e9nogami<\/h5><label class='txt-color-2'>Lac-K\u00e9nogami, Saguenay-Lac-Saint-Jean<\/label><div class='concert-ctn'><div class='concert-decriptif'><p>A carte blanche was given to the great violinist Guylaine Gr\u00e9goire to prepare a 100% regional program. She called on long-time colleagues to present arrangements and compositions of their own following a week-long residency at the chapel. This concert is possible thanks to the support of the Conseil des arts de Saguenay.<\/p>\n<p>Guylaine Gr\u00e9goire, violin \u2022 Bernard Cormier, violin \u2022 Bruno Chabot, violin and viola \u2022 Samuel Gaudreault, guitar \u2022 Antoine Simard, double bass \u2022 Robert Pelletier, percussion<\/p>\n<\/div><\/div><div class='price-info flex align-center'><label>Price<\/label><h6>General admission 25$<\/h6><a href='https:\/\/thepointofsale.com\/tickets\/ah3230924001' target='_blank' class='reservation-link'>Buy your tickets<\/a><\/div><\/div><\/div><div class='concert-card concert-is-past flex pad-vertical-l pad-horizontal-l'><div class='flex flex-column info-1'><h4>15<\/h4><div class='flex flex-column month-year'><label>October<\/label><label>2023<\/label><\/div><label>14:00<\/label><h6 class='txt-color-2'><a href=\"https:\/\/concertssaintcyriac.com\">Les Concerts de la chapelle Saint-Cyriac<\/a><\/h6><\/div><div class='flex flex-column info-2'><h3>Grounds of memory<\/h3><h5 class='txt-color-1'>Chapelle Saint-Cyriac, 5618 rue de la Chapelle, Lac-K\u00e9nogami<\/h5><label class='txt-color-2'>Lac-K\u00e9nogami, Saguenay-Lac-Saint-Jean<\/label><div class='concert-ctn'><div class='concert-decriptif'><p><em>Grounds of Memory<\/em>, composed for Peyee Chen, the Dedalus ensemble and the Bozzini Quartet, is based on texts by Emily Dickinson, including her recently published \u00abenvelope poems\u00bb. This book, <em>The Gorgeous Nothing<\/em>, includes manuscript fragments, brief thoughts, sketches of poems written by hand on used envelopes specially prepared for this, made of scattered words, word clouds, first verses of poems.<\/p>\n<p>This piece is the third part of a trilogy. The first and second parts, also composed for soprano and ensemble, are based on texts by Gustave Roud, Bai Juyi (772-846) and texts written by J\u00fcrg Frey. This third piece, for large ensemble, concludes this cycle. The selection of texts and poems touches on an existential sensitivity and evokes the vision of a path that does not end.<\/p>\n<p>Peyee Chen, soprano \u2022 Bozzini Quartet: Clemens Merkel, violin, Alissa Cheung, violin, St\u00e9phanie Bozzini, viola \u2022 Ensemble Dedalus: Didier Aschour, guitar, Silvia Tarozzi, violin, Cyprien Busolini, viola, Deborah Walker, cello, Fabrice Villard, clarinet, St\u00e9phane Garin, percussion<\/p>\n<\/div><\/div><div class='price-info flex align-center'><label>Price<\/label><h6>General admission 25$ | Student 10$<\/h6><a href='https:\/\/thepointofsale.com\/tickets\/ah3231015002' target='_blank' class='reservation-link'>Buy your tickets<\/a><\/div><\/div><\/div><div class='concert-card concert-is-past flex pad-vertical-l pad-horizontal-l'><div class='flex flex-column info-1'><h4>10<\/h4><div class='flex flex-column month-year'><label>December<\/label><label>2023<\/label><\/div><label>14:00<\/label><h6 class='txt-color-2'><a href=\"https:\/\/concertssaintcyriac.com\">Les Concerts de la chapelle Saint-Cyriac<\/a><\/h6><\/div><div class='flex flex-column info-2'><h3>Here is Christmas!<\/h3><h5 class='txt-color-1'>Chapelle Saint-Cyriac, 5618 rue de la Chapelle, Lac-K\u00e9nogami<\/h5><label class='txt-color-2'>Lac-K\u00e9nogami, Saguenay-Lac-Saint-Jean<\/label><div class='concert-ctn'><div class='concert-decriptif'><p>Here is Christmas! A concert all flutes will illuminate the hearts in this festive period.<\/p>\n<p>Vincent Lauzer, Marie-Laurence Primeau, Alexa Raine-Wright, Caroline Tremblay, flutes<\/p>\n<\/div><\/div><div class='price-info flex align-center'><label>Price<\/label><h6>SOLD OUT<\/h6><\/div><\/div><\/div><div class='concert-card concert-is-past flex pad-vertical-l pad-horizontal-l'><div class='flex flex-column info-1'><h4>04<\/h4><div class='flex flex-column month-year'><label>February<\/label><label>2024<\/label><\/div><label>14:00<\/label><h6 class='txt-color-2'><a href=\"https:\/\/concertssaintcyriac.com\">Les Concerts de la chapelle Saint-Cyriac<\/a><\/h6><\/div><div class='flex flex-column info-2'><h3>Extravagante guitare galante<\/h3><h5 class='txt-color-1'>Chapelle Saint-Cyriac, 5618 de la Chapelle, Lac-K\u00e9nogami<\/h5><label class='txt-color-2'>Lac-K\u00e9nogami, Saguenay-Lac-Saint-Jean<\/label><div class='concert-ctn'><div class='concert-decriptif'><p>A concert featuring the baroque guitarist Pascal Valois prepared especially for the music lovers of the Saint-Cyriac chapel.<\/p>\n<p>Pascal Valois, guitar, Jacques-Andr\u00e9 Houle, violin, Jessy Dub\u00e9, violin, Sari Tsuji, viola and Marie-Michel Beauparlant, cello<\/p>\n<\/div><\/div><div class='price-info flex align-center'><label>Price<\/label><h6>General admission 35$<\/h6><a href='https:\/\/thepointofsale.com\/tickets\/ah3240204001' target='_blank' class='reservation-link'>Buy your tickets<\/a><\/div><\/div><\/div><div class='concert-card concert-is-past flex pad-vertical-l pad-horizontal-l'><div class='flex flex-column info-1'><h4>02<\/h4><div class='flex flex-column month-year'><label>June<\/label><label>2024<\/label><\/div><label>14:00<\/label><h6 class='txt-color-2'><a href=\"https:\/\/concertssaintcyriac.com\">Les Concerts de la chapelle Saint-Cyriac<\/a><\/h6><\/div><div class='flex flex-column info-2'><h3>\u00c9lisabeth St-Gelais<\/h3><h5 class='txt-color-1'>Chapelle Saint-Cyriac, 5618 rue de la Chapelle, Lac-K\u00e9nogami<\/h5><label class='txt-color-2'>Lac-K\u00e9nogami, Saguenay-Lac-Saint-Jean<\/label><div class='concert-ctn'><div class='concert-decriptif'><p>\u00c9lisabeth St-Gelais, soprano and Louise Pelletier, piano<\/p>\n<\/div><\/div><div class='price-info flex align-center'><label>Price<\/label><h6>General admission 35$ <\/h6><div class='wp-block-tposguten-block-cart-button wp-block-button tposguten-cart-button-wrapper'><button type='button' class='tpos-add-to-cart wp-block-button__link' data-tpos-scheme='light' data-tpos-lang='en' data-tpos-event='348061' data-tpos-color=''>Buy your tickets<\/button><\/div><\/div><\/div><\/div><div class='concert-card concert-is-past flex pad-vertical-l pad-horizontal-l'><div class='flex flex-column info-1'><h4>15<\/h4><div class='flex flex-column month-year'><label>September<\/label><label>2024<\/label><\/div><label>14:00<\/label><h6 class='txt-color-2'><a href=\"https:\/\/concertssaintcyriac.com\">Les Concerts de la chapelle Saint-Cyriac<\/a><\/h6><\/div><div class='flex flex-column info-2'><h3>Brahms &#038; Mozart: Quintet for clarinet and strings<\/h3><h5 class='txt-color-1'>Chapelle Saint-Cyriac, 5618 rue de la Chapelle, Lac-K\u00e9nogami<\/h5><label class='txt-color-2'>Lac-K\u00e9nogami, Saguenay-Lac-Saint-Jean<\/label><div class='concert-ctn'><div class='concert-decriptif'><p>Antonin Cuerrier, clarinet \u2022 Jessy Dub\u00e9 &amp; Madeleine Messier, violin \u2022 Marie-Claire Vaillancourt, viola \u2022 Benjamin Sutton, cello<\/p>\n<\/div><\/div><div class='price-info flex align-center'><label>Price<\/label><h6>General admission 40$<\/h6><div class='wp-block-tposguten-block-cart-button wp-block-button tposguten-cart-button-wrapper'><button type='button' class='tpos-add-to-cart wp-block-button__link' data-tpos-scheme='light' data-tpos-lang='en' data-tpos-event='432755' data-tpos-color=''>Buy your tickets<\/button><\/div><\/div><\/div><\/div><div class='concert-card concert-is-past flex pad-vertical-l pad-horizontal-l'><div class='flex flex-column info-1'><h4>14<\/h4><div class='flex flex-column month-year'><label>December<\/label><label>2024<\/label><\/div><label>14:00<\/label><h6 class='txt-color-2'><a href=\"https:\/\/concertssaintcyriac.com\">Les Concerts de la chapelle Saint-Cyriac<\/a><\/h6><\/div><div class='flex flex-column info-2'><h3>Le Choeur d&#8217;Elles pr\u00e9sente Nuit d&#8217;\u00e9toiles<\/h3><h5 class='txt-color-1'>Chapelle Saint-Cyriac, 5618 rue de la Chapelle, Lac-K\u00e9nogami<\/h5><label class='txt-color-2'>Lac-K\u00e9nogami, Saguenay-Lac-Saint-Jean<\/label><div class='price-info flex align-center'><label>Price<\/label><h6>General admission 25$<\/h6><div class='wp-block-tposguten-block-cart-button wp-block-button tposguten-cart-button-wrapper'><button type='button' class='tpos-add-to-cart wp-block-button__link' data-tpos-scheme='light' data-tpos-lang='en' data-tpos-event='432756' data-tpos-color=''>Buy your tickets<\/button><\/div><\/div><\/div><\/div><div class='concert-card concert-is-past flex pad-vertical-l pad-horizontal-l'><div class='flex flex-column info-1'><h4>09<\/h4><div class='flex flex-column month-year'><label>February<\/label><label>2025<\/label><\/div><label>14:00<\/label><h6 class='txt-color-2'><a href=\"https:\/\/concertssaintcyriac.com\">Les Concerts de la chapelle Saint-Cyriac<\/a><\/h6><\/div><div class='flex flex-column info-2'><h3>Trio \u00c9l\u00e9giaque<\/h3><h5 class='txt-color-1'>Chapelle Saint-Cyriac, 5618 rue de la Chapelle, Lac-K\u00e9nogami<\/h5><label class='txt-color-2'>Lac-K\u00e9nogami, Saguenay-Lac-Saint-Jean<\/label><div class='concert-ctn'><div class='concert-decriptif'><p>The Trio \u00c9l\u00e9giaque has established itself as one of the essential French ensembles, notably through a remarkable discography. For this first concert in Montreal, he offers us the poignant Trio n\u00b0 2 by Shostakovich, whose death we are celebrating this year\u2019s 50th anniversary.<\/p>\n<\/div><\/div><div class='price-info flex align-center'><label>Price<\/label><h6>General admission 40$<\/h6><div class='wp-block-tposguten-block-cart-button wp-block-button tposguten-cart-button-wrapper'><button type='button' class='tpos-add-to-cart wp-block-button__link' data-tpos-scheme='light' data-tpos-lang='en' data-tpos-event='433066' data-tpos-color=''>Buy your tickets<\/button><\/div><\/div><\/div><\/div><div class='concert-card concert-is-past flex pad-vertical-l pad-horizontal-l'><div class='flex flex-column info-1'><h4>01<\/h4><div class='flex flex-column month-year'><label>June<\/label><label>2025<\/label><\/div><label>14:00<\/label><h6 class='txt-color-2'><a href=\"https:\/\/concertssaintcyriac.com\">Les Concerts de la chapelle Saint-Cyriac<\/a><\/h6><\/div><div class='flex flex-column info-2'><h3>Chansons espagnoles et latino-ame\u0301ricaines des 18e et 19e sie\u0300cles<\/h3><h5 class='txt-color-1'>Chapelle Saint-Cyriac, 5618 rue de la Chapelle<\/h5><label class='txt-color-2'>Lac-K\u00e9nogami, Saguenay-Lac-Saint-Jean<\/label><div class='concert-ctn'><div class='concert-decriptif'><p>Philippe Gagne\u0301, tenor &amp; David Jacques, guitar<\/p>\n<\/div><\/div><div class='price-info flex align-center'><label>Price<\/label><h6>General admission 35$ <\/h6><div class='wp-block-tposguten-block-cart-button wp-block-button tposguten-cart-button-wrapper'><button type='button' class='tpos-add-to-cart wp-block-button__link' data-tpos-scheme='light' data-tpos-lang='en' data-tpos-event='433067' data-tpos-color=''>Buy your tickets<\/button><\/div><\/div><\/div><\/div><div class='concert-card concert-is-past flex pad-vertical-l pad-horizontal-l'><div class='flex flex-column info-1'><h4>27<\/h4><div class='flex flex-column month-year'><label>June<\/label><label>2025<\/label><\/div><label>19:30<\/label><h6 class='txt-color-2'><a href=\"https:\/\/concertssaintcyriac.com\">Les Concerts de la chapelle Saint-Cyriac<\/a><\/h6><\/div><div class='flex flex-column info-2'><h3>Benefit concert for the Saint-Cyriac chapel<\/h3><h5 class='txt-color-1'>Chapelle Saint-Cyriac, 5618 rue de la Chapelle, Lac-K\u00e9nogami<\/h5><label class='txt-color-2'>Lac-K\u00e9nogami<\/label><div class='concert-ctn'><div class='concert-decriptif'><p>Vivaldi\u2019s Four seasons with the Pallade Musica Ensemble.<br \/>\nSoloists: Vincent Lauzer, Tanya Laperri\u00e8re, Jessy Dub\u00e9 and Julie Rivest.<\/p>\n<p>A cocktail will be offered at 6pm.<\/p>\n<\/div><\/div><div class='price-info flex align-center'><label>Price<\/label><h6>General admission 125$<\/h6><a href='https:\/\/www.zeffy.com\/ticketing\/concert-benefice-pour-la-chapelle-saint-cyriac' target='_blank' class='reservation-link'>Buy your tickets<\/a><\/div><\/div><\/div><div class='concert-card concert-is-past flex pad-vertical-l pad-horizontal-l'><div class='flex flex-column info-1'><h4>05<\/h4><div class='flex flex-column month-year'><label>October<\/label><label>2025<\/label><\/div><label>14:00<\/label><h6 class='txt-color-2'><a href=\"https:\/\/concertssaintcyriac.com\">Les Concerts de la chapelle Saint-Cyriac<\/a><\/h6><\/div><div class='flex flex-column info-2'><h3>Quand Ravel rencontre Gershwin, piano 4 mains<\/h3><h5 class='txt-color-1'>Chapelle Saint-Cyriac, 5618 rue de la Chapelle<\/h5><label class='txt-color-2'>Lac-K\u00e9nogami, Saguenay-Lac-Saint-Jean<\/label><div class='concert-ctn'><div class='concert-decriptif'><p>Rosemarie Duval-Laplante and Jean-Michel Dub\u00e9 join forces to present Ravel and Gershwin: two continents, two cultures, two geniuses! Discover their universe with impressionist colors and jazz rhythms in works written for 4 hands and arrangements with Ravelian sounds. Travel from Paris to New York in this first half of the 20th century in the company of these composers who admired each other, and who, what a coincidence, died the same year.<\/p>\n<\/div><\/div><div class='price-info flex align-center'><label>Price<\/label><h6>General admission 45,99$<\/h6><div class='wp-block-tposguten-block-cart-button wp-block-button tposguten-cart-button-wrapper'><button type='button' class='tpos-add-to-cart wp-block-button__link' data-tpos-scheme='light' data-tpos-lang='en' data-tpos-event='486101' data-tpos-color=''>Buy your tickets<\/button><\/div><\/div><\/div><\/div><div class='concert-card concert-is-past flex pad-vertical-l pad-horizontal-l'><div class='flex flex-column info-1'><h4>07<\/h4><div class='flex flex-column month-year'><label>December<\/label><label>2025<\/label><\/div><label>14:00<\/label><h6 class='txt-color-2'><a href=\"https:\/\/concertssaintcyriac.com\">Les Concerts de la chapelle Saint-Cyriac<\/a><\/h6><\/div><div class='flex flex-column info-2'><h3>Concert de No\u00ebl &#8220;Un moment donn\u00e9&#8221;<\/h3><h5 class='txt-color-1'>Chapelle Saint-Cyriac, 5618 rue de la Chapelle<\/h5><label class='txt-color-2'>Lac-K\u00e9nogami, Saguenay-Lac-Saint-Jean<\/label><div class='concert-ctn'><div class='concert-decriptif'><p>Welcome to our Christmas concert! A warm and festive musical gathering with local artists and a storyteller from the Magdalen Islands!<\/p>\n<p>Artists:<br \/>\nCl\u00e9ment Cormier, (storyteller and singer), Jeanne-Sophie Baron (violin), Guylaine Gr\u00e9goire (violin, piano and mandolin), Bruno Chabot (viola, violin, mandolin and guitar), Bernard Cormier (guitar and violin), Isabelle Harvey (cello)<\/p>\n<\/div><\/div><div class='price-info flex align-center'><label>Price<\/label><h6>General admission 45,99$ | Free for children aged 12 and under<\/h6><div class='wp-block-tposguten-block-cart-button wp-block-button tposguten-cart-button-wrapper'><button type='button' class='tpos-add-to-cart wp-block-button__link' data-tpos-scheme='light' data-tpos-lang='en' data-tpos-event='486103' data-tpos-color=''>Buy your tickets<\/button><\/div><\/div><\/div><\/div><div class='concert-card concert-is-past flex pad-vertical-l pad-horizontal-l'><div class='flex flex-column info-1'><h4>15<\/h4><div class='flex flex-column month-year'><label>February<\/label><label>2026<\/label><\/div><label>14:00<\/label><h6 class='txt-color-2'><a href=\"https:\/\/concertssaintcyriac.com\">Les Concerts de la chapelle Saint-Cyriac<\/a><\/h6><\/div><div class='flex flex-column info-2'><h3>Trio Timia<\/h3><h5 class='txt-color-1'>Chapelle Saint-Cyriac, 5618 rue de la Chapelle<\/h5><label class='txt-color-2'>Lac-K\u00e9nogami, Saguenay-Lac-Saint-Jean<\/label><div class='price-info flex align-center'><label>Price<\/label><h6>General admission 45,99$<\/h6><div class='wp-block-tposguten-block-cart-button wp-block-button tposguten-cart-button-wrapper'><button type='button' class='tpos-add-to-cart wp-block-button__link' data-tpos-scheme='light' data-tpos-lang='en' data-tpos-event='486104' data-tpos-color=''>Buy your tickets<\/button><\/div><\/div><\/div><\/div><div class='concert-card concert-is-past flex pad-vertical-l pad-horizontal-l'><div class='flex flex-column info-1'><h4>26<\/h4><div class='flex flex-column month-year'><label>April<\/label><label>2026<\/label><\/div><label>14:00<\/label><h6 class='txt-color-2'><a href=\"https:\/\/concertssaintcyriac.com\">Les Concerts de la chapelle Saint-Cyriac<\/a><\/h6><\/div><div class='flex flex-column info-2'><h3>Le Consort Laurentien invite Charles Daniels<\/h3><h5 class='txt-color-1'>Chapelle Saint-Cyriac, 5618 rue de la Chapelle<\/h5><label class='txt-color-2'>Lac-K\u00e9nogami, Saguenay-Lac-Saint-Jean<\/label><div class='concert-ctn'><img loading=\"lazy\" decoding=\"async\" width=\"300\" height=\"169\" src=\"https:\/\/laroutedesconcerts.com\/wp-content\/uploads\/2023\/07\/lrdc25-26-concerts-de-la-chapelle-saint-cyriac-consort-laurentien-1152x648px-300x169.png\" class=\"thumbnail\" alt=\"\" srcset=\"https:\/\/laroutedesconcerts.com\/wp-content\/uploads\/2023\/07\/lrdc25-26-concerts-de-la-chapelle-saint-cyriac-consort-laurentien-1152x648px-300x169.png 300w, https:\/\/laroutedesconcerts.com\/wp-content\/uploads\/2023\/07\/lrdc25-26-concerts-de-la-chapelle-saint-cyriac-consort-laurentien-1152x648px-1024x576.png 1024w, https:\/\/laroutedesconcerts.com\/wp-content\/uploads\/2023\/07\/lrdc25-26-concerts-de-la-chapelle-saint-cyriac-consort-laurentien-1152x648px-768x432.png 768w, https:\/\/laroutedesconcerts.com\/wp-content\/uploads\/2023\/07\/lrdc25-26-concerts-de-la-chapelle-saint-cyriac-consort-laurentien-1152x648px.png 1152w\" sizes=\"auto, (max-width: 300px) 100vw, 300px\" \/><div class='concert-decriptif'><p>The Consort Laurentien specializes in 16th- and 17th-century chamber music repertoire for strings and brass instruments. The core of the group consists of Julie Rivest (baroque violin), \u00c9tienne Asselin (cornetto), Maximilien Brisson (baroque trombone), and Christophe Gauthier (organ and harpsichord), four musicians who have worked together for over fifteen years on various projects and who joined forces in 2018 to form one of the first ensembles of its kind in Canada.<\/p>\n<p>Charles Daniels is an English tenor, particularly known for his interpretations of Baroque music. He is a frequent soloist with The King&#8217;s Consort and has made over 25 recordings with the ensemble on the Hyperion label.<\/p>\n<\/div><\/div><div class='price-info flex align-center'><label>Price<\/label><h6>General Admission 41.83$  | Free for Children Under 12 <\/h6><a href='https:\/\/lepointdevente.com\/billets\/2x5260426001' target='_blank' class='reservation-link'>Buy Your Tickets<\/a><\/div><\/div><\/div><div class='concert-card  flex pad-vertical-l pad-horizontal-l'><div class='flex flex-column info-1'><h4>13<\/h4><div class='flex flex-column month-year'><label>September<\/label><label>2026<\/label><\/div><label>14:00<\/label><h6 class='txt-color-2'><a href=\"https:\/\/concertssaintcyriac.com\">Les Concerts de la chapelle Saint-Cyriac<\/a><\/h6><\/div><div class='flex flex-column info-2'><h3>Duo Fibonacci<\/h3><h5 class='txt-color-1'>Chapelle Saint-Cyriac | 5618, rue de la Chapelle<\/h5><label class='txt-color-2'>Lac-K\u00e9nogami, Saguenay-Lac-Saint-Jean<\/label><div class='concert-ctn'><img loading=\"lazy\" decoding=\"async\" width=\"300\" height=\"240\" src=\"https:\/\/laroutedesconcerts.com\/wp-content\/uploads\/2026\/08\/duo-fibonacci-les-concerts-de-la-chapelle-saint-cyriac-13-septembre-2026-la-route-des-concerts-1-e1787685129485-300x240.jpeg\" class=\"thumbnail\" alt=\"Photo from the concert Duo Fibonacci, presented by Les Concerts de la chapelle Saint-Cyriac on Sunday, September 13, 2026, as part of La Route des concerts.\" srcset=\"https:\/\/laroutedesconcerts.com\/wp-content\/uploads\/2026\/08\/duo-fibonacci-les-concerts-de-la-chapelle-saint-cyriac-13-septembre-2026-la-route-des-concerts-1-e1787685129485-300x240.jpeg 300w, https:\/\/laroutedesconcerts.com\/wp-content\/uploads\/2026\/08\/duo-fibonacci-les-concerts-de-la-chapelle-saint-cyriac-13-septembre-2026-la-route-des-concerts-1-e1787685129485-1024x819.jpeg 1024w, https:\/\/laroutedesconcerts.com\/wp-content\/uploads\/2026\/08\/duo-fibonacci-les-concerts-de-la-chapelle-saint-cyriac-13-septembre-2026-la-route-des-concerts-1-e1787685129485-768x614.jpeg 768w, https:\/\/laroutedesconcerts.com\/wp-content\/uploads\/2026\/08\/duo-fibonacci-les-concerts-de-la-chapelle-saint-cyriac-13-septembre-2026-la-route-des-concerts-1-e1787685129485.jpeg 1365w\" sizes=\"auto, (max-width: 300px) 100vw, 300px\" \/><div class='concert-decriptif'><p>For the first time, the Duo Fibonacci will perform at the Saint-Cyriac Chapel!<\/p>\n<p>The highlight of this concert: Max Richter\u2019s masterful reimagining of Vivaldi\u2019s <em>Four Seasons<\/em>, which will transport you to the very edge of the past and the present. It\u2019s Vivaldi 2.0, to which the trio will bring its own colors and textures in a deeply intimate interpretation. In addition, a piece by Marie-Pierre Brasset inspired by the Tarot, titled <em>La Lune<\/em>, will also be on the program. Everyone is welcome to this first concert of the season!<\/p>\n<p>Duo Fibonacci : Julie-Anne Derome, violin, and Maxim Shatalkin, piano<\/p>\n<\/div><\/div><div class='price-info flex align-center'><label>Price<\/label><h6>General admission: $40 | Free for children 12 and under<\/h6><a href='https:\/\/chapellesaintcyriac.ca\/programmation\/duo-fibonacci' target='_blank' class='reservation-link'>Buy your tickets<\/a><\/div><\/div><\/div><div class='concert-card  flex pad-vertical-l pad-horizontal-l'><div class='flex flex-column info-1'><h4>06<\/h4><div class='flex flex-column month-year'><label>December<\/label><label>2026<\/label><\/div><label>14:00<\/label><h6 class='txt-color-2'><a href=\"https:\/\/concertssaintcyriac.com\">Les Concerts de la chapelle Saint-Cyriac<\/a><\/h6><\/div><div class='flex flex-column info-2'><h3>Splendeurs de No\u00ebl<\/h3><h5 class='txt-color-1'>Chapelle Saint-Cyriac | 5618, rue de la Chapelle<\/h5><label class='txt-color-2'>Lac-K\u00e9nogami, Saguenay-Lac-Saint-Jean<\/label><div class='concert-ctn'><img loading=\"lazy\" decoding=\"async\" width=\"300\" height=\"200\" src=\"https:\/\/laroutedesconcerts.com\/wp-content\/uploads\/2026\/08\/ensemble-renouveau-splendeurs-de-noel-les-concerts-de-la-chapelle-saint-cyriac-6-decembre-2026-la-route-des-concerts-1-300x200.jpg\" class=\"thumbnail\" alt=\"Photo from the concert Splendeurs de No\u00ebl by Ensemble Renouveau, presented by Les Concerts de la chapelle Saint-Cyriac on Sunday, December 6, 2026, as part of La Route des concerts.\" srcset=\"https:\/\/laroutedesconcerts.com\/wp-content\/uploads\/2026\/08\/ensemble-renouveau-splendeurs-de-noel-les-concerts-de-la-chapelle-saint-cyriac-6-decembre-2026-la-route-des-concerts-1-300x200.jpg 300w, https:\/\/laroutedesconcerts.com\/wp-content\/uploads\/2026\/08\/ensemble-renouveau-splendeurs-de-noel-les-concerts-de-la-chapelle-saint-cyriac-6-decembre-2026-la-route-des-concerts-1-1024x683.jpg 1024w, https:\/\/laroutedesconcerts.com\/wp-content\/uploads\/2026\/08\/ensemble-renouveau-splendeurs-de-noel-les-concerts-de-la-chapelle-saint-cyriac-6-decembre-2026-la-route-des-concerts-1-768x512.jpg 768w, https:\/\/laroutedesconcerts.com\/wp-content\/uploads\/2026\/08\/ensemble-renouveau-splendeurs-de-noel-les-concerts-de-la-chapelle-saint-cyriac-6-decembre-2026-la-route-des-concerts-1.jpg 1151w\" sizes=\"auto, (max-width: 300px) 100vw, 300px\" \/><div class='concert-decriptif'><p>The Ensemble Renouveau invites the public to a colorful holiday concert, promising emotion and a sense of wonder.<\/p>\n<p>Comprised of two sopranos, a violinist, a cellist, and a pianist, the ensemble recreates the magic of Christmas through the most sparkling music of the holiday season. The sumptuous scores from the ballet <em>The Nutcracker<\/em> blend with the unforgettable tunes from classic Christmas films, complemented by the most beautiful traditional Quebec classics to create a moment that is both lively and heartwarming. <em>Splendeurs de No\u00ebl<\/em> promises a luminous musical experience that will touch the audience\u2019s hearts and envelop them in a spirit of celebration.<\/p>\n<p>Ensemble Renouveau: Carole-Anne Roussel and \u00c9velyne Larochelle, sopranos \u2219 Jessy Dub\u00e9, violin \u2219 Simon Desbiens, cello \u2219 Bruce Gaulin, piano<\/p>\n<\/div><\/div><div class='price-info flex align-center'><label>Price<\/label><h6>General admission: $40 | Free for children 12 and under<\/h6><a href='https:\/\/chapellesaintcyriac.ca\/programmation\/splendeurs-de-noel' target='_blank' class='reservation-link'>Buy your tickets<\/a><\/div><\/div><\/div><div class='concert-card  flex pad-vertical-l pad-horizontal-l'><div class='flex flex-column info-1'><h4>07<\/h4><div class='flex flex-column month-year'><label>February<\/label><label>2027<\/label><\/div><label>14:00<\/label><h6 class='txt-color-2'><a href=\"https:\/\/concertssaintcyriac.com\">Les Concerts de la chapelle Saint-Cyriac<\/a><\/h6><\/div><div class='flex flex-column info-2'><h3>Duo Aster<\/h3><h5 class='txt-color-1'>Chapelle Saint-Cyriac | 5618, rue de la Chapelle<\/h5><label class='txt-color-2'>Lac-K\u00e9nogami, Saguenay-Lac-Saint-Jean<\/label><div class='concert-ctn'><img loading=\"lazy\" decoding=\"async\" width=\"300\" height=\"176\" src=\"https:\/\/laroutedesconcerts.com\/wp-content\/uploads\/2026\/08\/duo-aster-les-concerts-de-la-chapelle-saint-cyriac-7-fevrier-2027-la-route-des-concerts-1-300x176.jpeg\" class=\"thumbnail\" alt=\"Photo from the concert Duo Aster, presented by Les Concerts de la chapelle Saint-Cyriac on Sunday, February 7, 2026, as part of La Route des concerts.\" srcset=\"https:\/\/laroutedesconcerts.com\/wp-content\/uploads\/2026\/08\/duo-aster-les-concerts-de-la-chapelle-saint-cyriac-7-fevrier-2027-la-route-des-concerts-1-300x176.jpeg 300w, https:\/\/laroutedesconcerts.com\/wp-content\/uploads\/2026\/08\/duo-aster-les-concerts-de-la-chapelle-saint-cyriac-7-fevrier-2027-la-route-des-concerts-1-768x451.jpeg 768w, https:\/\/laroutedesconcerts.com\/wp-content\/uploads\/2026\/08\/duo-aster-les-concerts-de-la-chapelle-saint-cyriac-7-fevrier-2027-la-route-des-concerts-1.jpeg 980w\" sizes=\"auto, (max-width: 300px) 100vw, 300px\" \/><div class='concert-decriptif'><p>Duo Aster, composed of saxophonist Clio Theodoridis and pianist Jonathan Nemtanu, brings together two artists with diverse backgrounds, both of whom trained at prestigious European conservatories and later at the University of Montreal.<\/p>\n<p>The duo explores a rich and varied repertoire, ranging from original works for classical saxophone to transcriptions of contemporary Romantic music. Their artistic approach also embraces music from diverse cultural traditions\u2014from klezmer to Eastern music\u2014while engaging in a dialogue with contemporary classical music.<\/p>\n<p><em>(Source: www.duoaster.com)<\/em><\/p>\n<\/div><\/div><div class='price-info flex align-center'><label>Price<\/label><h6>General admission: $40 | Free for children 12 and under<\/h6><a href='https:\/\/chapellesaintcyriac.ca\/programmation\/duo-aster' target='_blank' class='reservation-link'>Buy your tickets<\/a><\/div><\/div><\/div><div class='concert-card  flex pad-vertical-l pad-horizontal-l'><div class='flex flex-column info-1'><h4>11<\/h4><div class='flex flex-column month-year'><label>April<\/label><label>2027<\/label><\/div><label>14:00<\/label><h6 class='txt-color-2'><a href=\"https:\/\/concertssaintcyriac.com\">Les Concerts de la chapelle Saint-Cyriac<\/a><\/h6><\/div><div class='flex flex-column info-2'><h3>Duo M\u00e9nestrel<\/h3><h5 class='txt-color-1'>Chapelle Saint-Cyriac | 5618, rue de la Chapelle<\/h5><label class='txt-color-2'>Lac-K\u00e9nogami, Saguenay-Lac-Saint-Jean<\/label><div class='concert-ctn'><img loading=\"lazy\" decoding=\"async\" width=\"300\" height=\"190\" src=\"https:\/\/laroutedesconcerts.com\/wp-content\/uploads\/2026\/08\/duo-menestrel-les-concerts-de-la-chapelle-saint-cyriac-11-avril-2027-la-route-des-concerts-1-300x190.png\" class=\"thumbnail\" alt=\"Photo from the concert Duo M\u00e9nestrel, presented by Les Concerts de la chapelle Saint-Cyriac on Sunday, April 11, 2026, as part of La Route des concerts.\" srcset=\"https:\/\/laroutedesconcerts.com\/wp-content\/uploads\/2026\/08\/duo-menestrel-les-concerts-de-la-chapelle-saint-cyriac-11-avril-2027-la-route-des-concerts-1-300x190.png 300w, https:\/\/laroutedesconcerts.com\/wp-content\/uploads\/2026\/08\/duo-menestrel-les-concerts-de-la-chapelle-saint-cyriac-11-avril-2027-la-route-des-concerts-1-1024x649.png 1024w, https:\/\/laroutedesconcerts.com\/wp-content\/uploads\/2026\/08\/duo-menestrel-les-concerts-de-la-chapelle-saint-cyriac-11-avril-2027-la-route-des-concerts-1-768x487.png 768w, https:\/\/laroutedesconcerts.com\/wp-content\/uploads\/2026\/08\/duo-menestrel-les-concerts-de-la-chapelle-saint-cyriac-11-avril-2027-la-route-des-concerts-1.png 1354w\" sizes=\"auto, (max-width: 300px) 100vw, 300px\" \/><div class='concert-decriptif'><p><em>L\u2019Ordre de Bon Temps: Music from Here and Yesteryear!<\/em><\/p>\n<p>Founded by Samuel de Champlain in 1606, L\u2019Ordre de Bon Temps is North America\u2019s first social club, where wine, camaraderie, theater, and music come together to brighten up the cold winters. The program features French songs inspired by the sea, the New World, longing, and hope\u2014tunes that have shaped today\u2019s French-Canadian music and culture.<\/p>\n<p>Duo M\u00e9nestrel: Janelle Lucyk, vocals and violin \u2219 Kerry Bursey, vocals and lute<\/p>\n<\/div><\/div><div class='price-info flex align-center'><label>Price<\/label><h6>General admission: $40 | Free for children 12 and under<\/h6><a href='https:\/\/chapellesaintcyriac.ca\/programmation\/duo-menestrel' target='_blank' class='reservation-link'>Buy your tickets<\/a><\/div><\/div><\/div>    <\/div>\n            <!-- Link to calendar page, if not already on it. Fari: added constants and english pid -->\n                    <a class='flex flex-column align-center txt-deco-none' href=\"https:\/\/laroutedesconcerts.com\/calendrier\/\">\n                <label class='txt-upper txt-deco-none'>See the whole calendar<\/label>\n                <img decoding=\"async\" src=\"https:\/\/laroutedesconcerts.com\/wp-content\/themes\/routedesconcerts\/assets\/images\/\/ico_plus.svg\">\n            <\/a>\n                    <!-- Fari : removed button as asked in https:\/\/app.asana.com\/0\/1201827062200303\/1202966871167128 -->\n        <!-- Link to buy itineraire (send email to RDC) -->\n        <!--<a class='btn red' href=\"mailto:info@laroutedesconcerts.com\"><\/a>-->\n    <\/div>\n<\/div>\n\n\n\n<div class=\"wp-block-group block-video is-layout-flow wp-block-group-is-layout-flow\">\n<div class=\"wp-block-group has-cke-black-background-color has-background is-layout-flow wp-block-group-is-layout-flow\"><\/div>\n\n\n\n<figure class=\"wp-block-embed is-type-video is-provider-youtube wp-block-embed-youtube wp-embed-aspect-16-9 wp-has-aspect-ratio\"><div class=\"wp-block-embed__wrapper\">\n<iframe loading=\"lazy\"  id=\"_ytid_94142\"  width=\"800\" height=\"450\"  data-origwidth=\"800\" data-origheight=\"450\" src=\"https:\/\/www.youtube.com\/embed\/d3WKx06KUSM?enablejsapi=1&#038;autoplay=0&#038;cc_load_policy=0&#038;cc_lang_pref=&#038;iv_load_policy=1&#038;loop=0&#038;rel=1&#038;fs=1&#038;playsinline=0&#038;autohide=2&#038;theme=dark&#038;color=red&#038;controls=1&#038;disablekb=0&#038;\" class=\"__youtube_prefs__  epyt-is-override  no-lazyload\" title=\"YouTube player\"  allow=\"fullscreen; accelerometer; autoplay; clipboard-write; encrypted-media; gyroscope; picture-in-picture; web-share\" referrerpolicy=\"strict-origin-when-cross-origin\" allowfullscreen data-no-lazy=\"1\" data-skipgform_ajax_framebjll=\"\"><\/iframe>\n<\/div><figcaption class=\"wp-element-caption\">LES CONCERTS DE LA CHAPELLE SAINT-CYRIAC<\/figcaption><\/figure>\n\n\n\n<div class=\"wp-block-group has-cke-black-background-color has-background is-layout-flow wp-block-group-is-layout-flow\"><\/div>\n<\/div>\n\n\n\n<div class=\"wp-block-group block-gallery pad-vertical-xl pad-horizontal-3xl has-cke-color-1-background-color has-background is-layout-flow wp-block-group-is-layout-flow\">\n<h6 class=\"wp-block-heading has-cke-gray-color has-text-color\">Gallery<\/h6>\n\n\n<div class=\"relative\">\n\t<a class=\"btn round red btn_nav btn_nav_prev absolute\" href=\"javascript:void(0);\" onclick=\"javascript:CAKESCRATCH.gallery_scroll('prev');\"><img decoding=\"async\" src=\"https:\/\/laroutedesconcerts.com\/wp-content\/themes\/routedesconcerts\/assets\/images\/\/arrowleftshort.svg\"><\/a>\n\t<a class=\"btn round red btn_nav btn_nav_next absolute\" href=\"javascript:void(0);\" onclick=\"javascript:CAKESCRATCH.gallery_scroll('next');\"><img decoding=\"async\" src=\"https:\/\/laroutedesconcerts.com\/wp-content\/themes\/routedesconcerts\/assets\/images\/\/arrowrightshort.svg\"><\/a>\n\t<div class=\"gallery-wrapper relative\">\n\t\t<div class=\"gallery\" id=\"gallery\">        \n\t\t\t\t\t\t\t<img decoding=\"async\" src=\"https:\/\/laroutedesconcerts.com\/wp-content\/uploads\/2023\/07\/credit-y-dachille-scaled.jpeg\">\n\t\t\t\t\t\t\t<img decoding=\"async\" src=\"https:\/\/laroutedesconcerts.com\/wp-content\/uploads\/2023\/07\/chapelle-exterieure-atelier-faa-04.jpg\">\n\t\t\t      \n\t\t<\/div>\n\t<\/div>\n<\/div><\/div>\n\n\n\n<div class=\"wp-block-group block-team-members pad-vertical-2xl pad-horizontal-3xl has-cke-color-3-background-color has-background is-layout-flow wp-block-group-is-layout-flow\">\n<h6 class=\"wp-block-heading has-cke-color-2-color has-text-color\">PRESENTERS<\/h6>\n\n\n\n<div class=\"wp-block-group team-members flex flex-wrap is-layout-flow wp-block-group-is-layout-flow\">\n<div class=\"wp-block-group team-member is-layout-flow wp-block-group-is-layout-flow\">\n<h4 class=\"wp-block-heading has-cke-color-1-color has-text-color has-link-color has-small-font-size wp-elements-1\"><a href=\"https:\/\/laroutedesconcerts.com\/cke_diffuseur\/aramusique\/\"><strong>ABERCORN LYRIQUE<\/strong><\/a><\/h4>\n\n\n\n<h4 class=\"wp-block-heading has-cke-color-1-color has-text-color has-small-font-size\"><a href=\"https:\/\/laroutedesconcerts.com\/cke_diffuseur\/aramusique\/\"><strong>ARAMUSIQUE<\/strong><\/a><\/h4>\n\n\n\n<h4 class=\"wp-block-heading has-cke-color-1-color has-text-color has-small-font-size\"><a href=\"https:\/\/laroutedesconcerts.com\/cke_diffuseur\/centre-dart-de-richmond\/\"><strong>CENTRE D&#8217;ART DE RICHMOND<\/strong><\/a><\/h4>\n\n\n\n<h4 class=\"wp-block-heading has-cke-color-1-color has-text-color has-small-font-size\"><a href=\"https:\/\/laroutedesconcerts.com\/cke_diffuseur\/centre-musical-cammac\/\"><strong>CENTRE MUSICAL CAMMAC<\/strong><\/a><\/h4>\n\n\n\n<h4 class=\"wp-block-heading has-cke-color-1-color has-text-color has-small-font-size\"><a href=\"https:\/\/laroutedesconcerts.com\/cke_diffuseur\/concerts-aux-iles-du-bic\/\"><strong>CONCERTS AUX \u00ceLES DU BIC<\/strong><\/a><\/h4>\n\n\n\n<h4 class=\"wp-block-heading\"><strong><a href=\"https:\/\/laroutedesconcerts.com\/en\/cke_diffuseur\/conseil-du-patrimoine-culturel-de-cap-sante\/\">CONSEIL DU PATRIMOINE CULTUREL DE CAP-SANT\u00c9<\/a><\/strong><\/h4>\n\n\n\n<h4 class=\"wp-block-heading has-cke-color-1-color has-text-color has-small-font-size\"><a href=\"https:\/\/laroutedesconcerts.com\/cke_diffuseur\/espace-culturel-cookshire-eaton\/\" data-type=\"cke_diffuseur\" data-id=\"6\"><strong>ESPACE CULTUREL COOKSHIRE-EATON<\/strong><\/a><strong><a href=\"https:\/\/laroutedesconcerts.com\/cke_diffuseur\/espace-culturel-cookshire-eaton\/\"><\/a><\/strong><\/h4>\n\n\n\n<h4 class=\"wp-block-heading has-cke-color-1-color has-text-color has-small-font-size\"><a data-type=\"cke_diffuseur\" data-id=\"8\" href=\"https:\/\/laroutedesconcerts.com\/cke_diffuseur\/espace-culturel-saint-gilles\/\"><strong>ESPACE CULTUREL SAINT-GILLES<\/strong><\/a><\/h4>\n\n\n\n<h4 class=\"wp-block-heading has-cke-color-1-color has-text-color has-small-font-size\"><a data-type=\"cke_diffuseur\" data-id=\"14\" href=\"https:\/\/laroutedesconcerts.com\/cke_diffuseur\/festival-songe-dete-en-musique\/\"><strong>FESTIVAL SONGE D&#8217;\u00c9T\u00c9 EN MUSIQUE<\/strong><\/a><\/h4>\n\n\n\n<h4 class=\"wp-block-heading has-cke-color-1-color has-text-color has-small-font-size\"><a href=\"https:\/\/laroutedesconcerts.com\/cke_diffuseur\/festival-stradivaria\/\"><strong>FESTIVAL STRADIVARIA<\/strong><\/a><\/h4>\n\n\n\n<h4 class=\"wp-block-heading has-cke-color-1-color has-text-color has-small-font-size\"><a href=\"https:\/\/laroutedesconcerts.com\/en\/cke_diffuseur\/jazzworks-canada\/\" data-type=\"link\" data-id=\"https:\/\/laroutedesconcerts.com\/en\/cke_diffuseur\/jazzworks-canada\/\"><strong>JAZZWORKS CANADA<\/strong><\/a><\/h4>\n<\/div>\n\n\n\n<div class=\"wp-block-group team-member is-layout-flow wp-block-group-is-layout-flow\">\n<h4 class=\"wp-block-heading has-cke-color-1-color has-text-color has-small-font-size\"><a href=\"https:\/\/laroutedesconcerts.com\/cke_diffuseur\/lharmonie-des-saisons\/\"><strong>L\u2019HARMONIE DES SAISONS<\/strong><\/a><\/h4>\n\n\n\n<h4 class=\"wp-block-heading has-cke-color-1-color has-text-color has-small-font-size\"><a href=\"https:\/\/laroutedesconcerts.com\/cke_diffuseur\/lodyssee-artistique\/\"><strong>L&#8217;ODYSS\u00c9E ARTISTIQUE<\/strong><\/a><\/h4>\n\n\n\n<h4 class=\"wp-block-heading has-cke-color-1-color has-text-color has-small-font-size\"><a data-type=\"cke_diffuseur\" data-id=\"14\" href=\"https:\/\/laroutedesconcerts.com\/cke_diffuseur\/la-belle-chapelle\/\"><strong>LA BELLE CHAPELLE<\/strong><\/a><\/h4>\n\n\n\n<h4 class=\"wp-block-heading has-cke-color-1-color has-text-color has-small-font-size\"><a href=\"https:\/\/laroutedesconcerts.com\/cke_diffuseur\/la-cene-du-lac\/\"><strong>LA C\u00c8NE DU LAC<\/strong><\/a><\/h4>\n\n\n\n<h4 class=\"wp-block-heading has-cke-color-1-color has-text-color has-small-font-size\"><a data-type=\"cke_diffuseur\" data-id=\"14\" href=\"https:\/\/laroutedesconcerts.com\/cke_diffuseur\/la-maison-musicale-de-warwick\/\"><strong>LA MAISON MUSICALE DE WARWICK<\/strong><\/a><\/h4>\n\n\n\n<h4 class=\"wp-block-heading has-cke-color-1-color has-text-color has-small-font-size\"><a data-type=\"cke_diffuseur\" data-id=\"7\" href=\"https:\/\/laroutedesconcerts.com\/cke_diffuseur\/le-vaisseau-dart\/\"><strong>LE VAISSEAU D&#8217;ART<\/strong><\/a><\/h4>\n\n\n\n<h4 class=\"wp-block-heading has-cke-color-1-color has-text-color has-small-font-size\"><a data-type=\"cke_diffuseur\" data-id=\"7\" href=\"https:\/\/laroutedesconcerts.com\/cke_diffuseur\/espace-culturel-le-vitrail\/\"><strong>LE VITRAIL &#8211; ESPACE CULTUREL<\/strong><\/a><\/h4>\n\n\n\n<h4 class=\"wp-block-heading has-cke-color-1-color has-text-color has-small-font-size\"><a data-type=\"cke_diffuseur\" data-id=\"11\" href=\"https:\/\/laroutedesconcerts.com\/cke_diffuseur\/les-amis-de-lorgue-de-lestrie\/\"><strong>LES AMIS DE L&#8217;ORGUE DE L&#8217;ESTRIE<\/strong><\/a><\/h4>\n\n\n\n<h4 class=\"wp-block-heading has-cke-color-1-color has-text-color has-small-font-size\"><a href=\"https:\/\/laroutedesconcerts.com\/cke_diffuseur\/les-concerts-couperin\/\"><strong>LES CONCERTS COUPERIN<\/strong><\/a><\/h4>\n\n\n\n<h4 class=\"wp-block-heading\"><strong><a href=\"https:\/\/laroutedesconcerts.com\/en\/cke_diffuseur\/les-concerts-dete-du-parc-chanoine-fleury\/\">LES CONCERTS D&#8217;\u00c9T\u00c9 DU PARC CHANOINE-FLEURY<\/a><\/strong><\/h4>\n\n\n\n<h4 class=\"wp-block-heading has-cke-color-1-color has-text-color\"><a href=\"https:\/\/laroutedesconcerts.com\/cke_diffuseur\/les-concerts-de-la-chapelle\/\"><strong>LES CONCERTS DE LA CHAPELLE<\/strong><\/a><\/h4>\n<\/div>\n\n\n\n<div class=\"wp-block-group team-member is-layout-flow wp-block-group-is-layout-flow\">\n<h4 class=\"wp-block-heading has-cke-color-1-color has-text-color\"><a href=\"https:\/\/laroutedesconcerts.com\/cke_diffuseur\/les-concerts-de-la-chapelle-saint-cyriac\/\"><strong>LES CONCERTS DE LA CHAPELLE SAINT-CYRIAC<\/strong><\/a><\/h4>\n\n\n\n<h4 class=\"wp-block-heading has-cke-color-1-color has-text-color has-small-font-size\"><a href=\"https:\/\/laroutedesconcerts.com\/cke_diffuseur\/musique-de-chambre-a-sainte-petronille\/\"><strong>MUSIQUE DE CHAMBRE \u00c0 SAINTE-P\u00c9TRONILLE<\/strong><\/a><\/h4>\n\n\n\n<h4 class=\"wp-block-heading has-cke-color-1-color has-text-color has-small-font-size\"><a href=\"https:\/\/laroutedesconcerts.com\/cke_diffuseur\/orchestre-symphonique-de-sherbrooke\/\"><strong>ORCHESTRE SYMPHONIQUE DE SHERBROOKE<\/strong><\/a><\/h4>\n\n\n\n<h4 class=\"wp-block-heading has-cke-color-1-color has-text-color has-small-font-size\"><a href=\"https:\/\/laroutedesconcerts.com\/cke_diffuseur\/rendez-vous-musical-de-laterriere\/\"><strong>RENDEZ-VOUS MUSICAL DE LATERRI\u00c8RE<\/strong><\/a><\/h4>\n\n\n\n<h4 class=\"wp-block-heading has-cke-color-1-color has-text-color has-small-font-size\"><a href=\"https:\/\/laroutedesconcerts.com\/cke_diffuseur\/salle-bandeen-musique-chez-nous\/\"><strong>SALLE BANDEEN-MUSIQUE CHEZ NOUS<\/strong><\/a><\/h4>\n\n\n\n<h4 class=\"wp-block-heading has-cke-color-1-color has-text-color has-small-font-size\"><a data-type=\"cke_diffuseur\" data-id=\"14\" href=\"https:\/\/laroutedesconcerts.com\/cke_diffuseur\/sur-la-scene-davignon-on-stage\/\"><strong>SUR LA SC\u00c8NE DAVIGNON ON STAGE<\/strong><\/a><\/h4>\n\n\n\n<h4 class=\"wp-block-heading has-cke-color-1-color has-text-color has-small-font-size\"><a href=\"https:\/\/laroutedesconcerts.com\/cke_diffuseur\/theatre-de-lac-brome\/\"><strong>TH\u00c9\u00c2TRE DE LAC-BROME<\/strong><\/a><\/h4>\n<\/div>\n<\/div>\n<\/div>\n","protected":false},"excerpt":{"rendered":"<p>Founded in 2009, Les Concerts de la chapelle Saint-Cyriac offers top-class classical music programming to audiences in Lac-K\u00e9nogami and the Saguenay-Lac-Saint-Jean region. Each year, at least four concerts are presented in the wooden chapel on the shores of the lake.<\/p>\n","protected":false},"featured_media":1484,"template":"","class_list":["post-1485","cke_diffuseur","type-cke_diffuseur","status-publish","has-post-thumbnail","hentry"],"acf":[],"yoast_head":"<!-- This site is optimized with the Yoast SEO plugin v28.4 - https:\/\/yoast.com\/product\/yoast-seo-wordpress\/ -->\n<title>Les Concerts de la chapelle Saint-Cyriac &#8211; Route des concerts<\/title>\n<meta name=\"description\" content=\"Les Concerts de la chapelle Saint-Cyriac offers a classical music programming to audiences in Lac-K\u00e9nogami and the Saguenay-Lac-Saint-Jean region.\" \/>\n<meta name=\"robots\" content=\"index, follow, max-snippet:-1, max-image-preview:large, max-video-preview:-1\" \/>\n<link rel=\"canonical\" href=\"https:\/\/laroutedesconcerts.com\/en\/cke_diffuseur\/les-concerts-de-la-chapelle-saint-cyriac\/\" \/>\n<meta property=\"og:locale\" content=\"en_US\" \/>\n<meta property=\"og:type\" content=\"article\" \/>\n<meta property=\"og:title\" content=\"Les Concerts de la chapelle Saint-Cyriac &#8211; Route des concerts\" \/>\n<meta property=\"og:description\" content=\"Les Concerts de la chapelle Saint-Cyriac offers a classical music programming to audiences in Lac-K\u00e9nogami and the Saguenay-Lac-Saint-Jean region.\" \/>\n<meta property=\"og:url\" content=\"https:\/\/laroutedesconcerts.com\/en\/cke_diffuseur\/les-concerts-de-la-chapelle-saint-cyriac\/\" \/>\n<meta property=\"og:site_name\" content=\"Route des concerts\" \/>\n<meta property=\"article:modified_time\" content=\"2026-05-07T15:04:50+00:00\" \/>\n<meta property=\"og:image\" content=\"https:\/\/laroutedesconcerts.com\/wp-content\/uploads\/2023\/07\/concerts-saint-cyriac-accueil.jpg\" \/>\n\t<meta property=\"og:image:width\" content=\"844\" \/>\n\t<meta property=\"og:image:height\" content=\"937\" \/>\n\t<meta property=\"og:image:type\" content=\"image\/jpeg\" \/>\n<meta name=\"twitter:card\" content=\"summary_large_image\" \/>\n<meta name=\"twitter:label1\" content=\"Est. reading time\" \/>\n\t<meta name=\"twitter:data1\" content=\"1 minute\" \/>\n<script type=\"application\/ld+json\" class=\"yoast-schema-graph\">{\"@context\":\"https:\\\/\\\/schema.org\",\"@graph\":[{\"@type\":\"WebPage\",\"@id\":\"https:\\\/\\\/laroutedesconcerts.com\\\/en\\\/cke_diffuseur\\\/les-concerts-de-la-chapelle-saint-cyriac\\\/\",\"url\":\"https:\\\/\\\/laroutedesconcerts.com\\\/en\\\/cke_diffuseur\\\/les-concerts-de-la-chapelle-saint-cyriac\\\/\",\"name\":\"Les Concerts de la chapelle Saint-Cyriac &#8211; Route des concerts\",\"isPartOf\":{\"@id\":\"https:\\\/\\\/laroutedesconcerts.com\\\/en\\\/#website\"},\"primaryImageOfPage\":{\"@id\":\"https:\\\/\\\/laroutedesconcerts.com\\\/en\\\/cke_diffuseur\\\/les-concerts-de-la-chapelle-saint-cyriac\\\/#primaryimage\"},\"image\":{\"@id\":\"https:\\\/\\\/laroutedesconcerts.com\\\/en\\\/cke_diffuseur\\\/les-concerts-de-la-chapelle-saint-cyriac\\\/#primaryimage\"},\"thumbnailUrl\":\"https:\\\/\\\/laroutedesconcerts.com\\\/wp-content\\\/uploads\\\/2023\\\/07\\\/concerts-saint-cyriac-accueil.jpg\",\"datePublished\":\"2023-07-06T13:47:38+00:00\",\"dateModified\":\"2026-05-07T15:04:50+00:00\",\"description\":\"Les Concerts de la chapelle Saint-Cyriac offers a classical music programming to audiences in Lac-K\u00e9nogami and the Saguenay-Lac-Saint-Jean region.\",\"breadcrumb\":{\"@id\":\"https:\\\/\\\/laroutedesconcerts.com\\\/en\\\/cke_diffuseur\\\/les-concerts-de-la-chapelle-saint-cyriac\\\/#breadcrumb\"},\"inLanguage\":\"en-US\",\"potentialAction\":[{\"@type\":\"ReadAction\",\"target\":[\"https:\\\/\\\/laroutedesconcerts.com\\\/en\\\/cke_diffuseur\\\/les-concerts-de-la-chapelle-saint-cyriac\\\/\"]}]},{\"@type\":\"ImageObject\",\"inLanguage\":\"en-US\",\"@id\":\"https:\\\/\\\/laroutedesconcerts.com\\\/en\\\/cke_diffuseur\\\/les-concerts-de-la-chapelle-saint-cyriac\\\/#primaryimage\",\"url\":\"https:\\\/\\\/laroutedesconcerts.com\\\/wp-content\\\/uploads\\\/2023\\\/07\\\/concerts-saint-cyriac-accueil.jpg\",\"contentUrl\":\"https:\\\/\\\/laroutedesconcerts.com\\\/wp-content\\\/uploads\\\/2023\\\/07\\\/concerts-saint-cyriac-accueil.jpg\",\"width\":844,\"height\":937,\"caption\":\"default\"},{\"@type\":\"BreadcrumbList\",\"@id\":\"https:\\\/\\\/laroutedesconcerts.com\\\/en\\\/cke_diffuseur\\\/les-concerts-de-la-chapelle-saint-cyriac\\\/#breadcrumb\",\"itemListElement\":[{\"@type\":\"ListItem\",\"position\":1,\"name\":\"Accueil\",\"item\":\"https:\\\/\\\/laroutedesconcerts.com\\\/en\\\/\"},{\"@type\":\"ListItem\",\"position\":2,\"name\":\"Diffuseur\",\"item\":\"https:\\\/\\\/laroutedesconcerts.com\\\/en\\\/cke_diffuseur\\\/\"},{\"@type\":\"ListItem\",\"position\":3,\"name\":\"Les Concerts de la chapelle Saint-Cyriac\"}]},{\"@type\":\"WebSite\",\"@id\":\"https:\\\/\\\/laroutedesconcerts.com\\\/en\\\/#website\",\"url\":\"https:\\\/\\\/laroutedesconcerts.com\\\/en\\\/\",\"name\":\"Route des concerts\",\"description\":\"De la musique plein les oreilles \u00e0 votre port\u00e9e\",\"potentialAction\":[{\"@type\":\"SearchAction\",\"target\":{\"@type\":\"EntryPoint\",\"urlTemplate\":\"https:\\\/\\\/laroutedesconcerts.com\\\/en\\\/?s={search_term_string}\"},\"query-input\":{\"@type\":\"PropertyValueSpecification\",\"valueRequired\":true,\"valueName\":\"search_term_string\"}}],\"inLanguage\":\"en-US\"}]}<\/script>\n<!-- \/ Yoast SEO plugin. -->","yoast_head_json":{"title":"Les Concerts de la chapelle Saint-Cyriac &#8211; Route des concerts","description":"Les Concerts de la chapelle Saint-Cyriac offers a classical music programming to audiences in Lac-K\u00e9nogami and the Saguenay-Lac-Saint-Jean region.","robots":{"index":"index","follow":"follow","max-snippet":"max-snippet:-1","max-image-preview":"max-image-preview:large","max-video-preview":"max-video-preview:-1"},"canonical":"https:\/\/laroutedesconcerts.com\/en\/cke_diffuseur\/les-concerts-de-la-chapelle-saint-cyriac\/","og_locale":"en_US","og_type":"article","og_title":"Les Concerts de la chapelle Saint-Cyriac &#8211; Route des concerts","og_description":"Les Concerts de la chapelle Saint-Cyriac offers a classical music programming to audiences in Lac-K\u00e9nogami and the Saguenay-Lac-Saint-Jean region.","og_url":"https:\/\/laroutedesconcerts.com\/en\/cke_diffuseur\/les-concerts-de-la-chapelle-saint-cyriac\/","og_site_name":"Route des concerts","article_modified_time":"2026-05-07T15:04:50+00:00","og_image":[{"width":844,"height":937,"url":"https:\/\/laroutedesconcerts.com\/wp-content\/uploads\/2023\/07\/concerts-saint-cyriac-accueil.jpg","type":"image\/jpeg"}],"twitter_card":"summary_large_image","twitter_misc":{"Est. reading time":"1 minute"},"schema":{"@context":"https:\/\/schema.org","@graph":[{"@type":"WebPage","@id":"https:\/\/laroutedesconcerts.com\/en\/cke_diffuseur\/les-concerts-de-la-chapelle-saint-cyriac\/","url":"https:\/\/laroutedesconcerts.com\/en\/cke_diffuseur\/les-concerts-de-la-chapelle-saint-cyriac\/","name":"Les Concerts de la chapelle Saint-Cyriac &#8211; Route des concerts","isPartOf":{"@id":"https:\/\/laroutedesconcerts.com\/en\/#website"},"primaryImageOfPage":{"@id":"https:\/\/laroutedesconcerts.com\/en\/cke_diffuseur\/les-concerts-de-la-chapelle-saint-cyriac\/#primaryimage"},"image":{"@id":"https:\/\/laroutedesconcerts.com\/en\/cke_diffuseur\/les-concerts-de-la-chapelle-saint-cyriac\/#primaryimage"},"thumbnailUrl":"https:\/\/laroutedesconcerts.com\/wp-content\/uploads\/2023\/07\/concerts-saint-cyriac-accueil.jpg","datePublished":"2023-07-06T13:47:38+00:00","dateModified":"2026-05-07T15:04:50+00:00","description":"Les Concerts de la chapelle Saint-Cyriac offers a classical music programming to audiences in Lac-K\u00e9nogami and the Saguenay-Lac-Saint-Jean region.","breadcrumb":{"@id":"https:\/\/laroutedesconcerts.com\/en\/cke_diffuseur\/les-concerts-de-la-chapelle-saint-cyriac\/#breadcrumb"},"inLanguage":"en-US","potentialAction":[{"@type":"ReadAction","target":["https:\/\/laroutedesconcerts.com\/en\/cke_diffuseur\/les-concerts-de-la-chapelle-saint-cyriac\/"]}]},{"@type":"ImageObject","inLanguage":"en-US","@id":"https:\/\/laroutedesconcerts.com\/en\/cke_diffuseur\/les-concerts-de-la-chapelle-saint-cyriac\/#primaryimage","url":"https:\/\/laroutedesconcerts.com\/wp-content\/uploads\/2023\/07\/concerts-saint-cyriac-accueil.jpg","contentUrl":"https:\/\/laroutedesconcerts.com\/wp-content\/uploads\/2023\/07\/concerts-saint-cyriac-accueil.jpg","width":844,"height":937,"caption":"default"},{"@type":"BreadcrumbList","@id":"https:\/\/laroutedesconcerts.com\/en\/cke_diffuseur\/les-concerts-de-la-chapelle-saint-cyriac\/#breadcrumb","itemListElement":[{"@type":"ListItem","position":1,"name":"Accueil","item":"https:\/\/laroutedesconcerts.com\/en\/"},{"@type":"ListItem","position":2,"name":"Diffuseur","item":"https:\/\/laroutedesconcerts.com\/en\/cke_diffuseur\/"},{"@type":"ListItem","position":3,"name":"Les Concerts de la chapelle Saint-Cyriac"}]},{"@type":"WebSite","@id":"https:\/\/laroutedesconcerts.com\/en\/#website","url":"https:\/\/laroutedesconcerts.com\/en\/","name":"Route des concerts","description":"De la musique plein les oreilles \u00e0 votre port\u00e9e","potentialAction":[{"@type":"SearchAction","target":{"@type":"EntryPoint","urlTemplate":"https:\/\/laroutedesconcerts.com\/en\/?s={search_term_string}"},"query-input":{"@type":"PropertyValueSpecification","valueRequired":true,"valueName":"search_term_string"}}],"inLanguage":"en-US"}]}},"_links":{"self":[{"href":"https:\/\/laroutedesconcerts.com\/en\/wp-json\/wp\/v2\/cke_diffuseur\/1485","targetHints":{"allow":["GET"]}}],"collection":[{"href":"https:\/\/laroutedesconcerts.com\/en\/wp-json\/wp\/v2\/cke_diffuseur"}],"about":[{"href":"https:\/\/laroutedesconcerts.com\/en\/wp-json\/wp\/v2\/types\/cke_diffuseur"}],"wp:featuredmedia":[{"embeddable":true,"href":"https:\/\/laroutedesconcerts.com\/en\/wp-json\/wp\/v2\/media\/1484"}],"wp:attachment":[{"href":"https:\/\/laroutedesconcerts.com\/en\/wp-json\/wp\/v2\/media?parent=1485"}],"curies":[{"name":"wp","href":"https:\/\/api.w.org\/{rel}","templated":true}]}}